{"id":9,"date":"2025-08-07T22:15:15","date_gmt":"2025-08-07T22:15:15","guid":{"rendered":"https:\/\/entorcha.org\/entorcha\/?page_id=9"},"modified":"2025-10-12T12:09:20","modified_gmt":"2025-10-12T16:09:20","slug":"about","status":"publish","type":"page","link":"https:\/\/entorcha.org\/entorcha\/index.php\/about\/","title":{"rendered":"Sobre Entorcha"},"content":{"rendered":"\n<h2 class=\"wp-block-heading alignwide\" id=\"we-re-a-studio-in-berlin-with-an-international-practice-in-architecture-urban-planning-and-interior-design-we-believe-in-sharing-knowledge-and-promoting-dialogue-to-increase-the-creative-potential-of-collaboration\" style=\"font-size:48px;line-height:1.1\">ENTORCHA es un archivo sobre la historia del dise\u00f1o de Puerto Rico, creado con una metodolog\u00eda participativa y abierto a quienes quieran colaborar. Su objetivo es documentar las historias del dise\u00f1o de Puerto Rico desde una mirada caribe\u00f1a que cuenta la historia desde ac\u00e1, no como nos la contaron, sino como la hemos vivido y como la dise\u00f1amos.<\/h2>\n\n\n\n<div class=\"wp-block-columns alignwide is-layout-flex wp-container-core-columns-is-layout-9d6595d7 wp-block-columns-is-layout-flex\">\n<div class=\"wp-block-column is-layout-flow wp-block-column-is-layout-flow\" style=\"flex-basis:33.33%\">\n<figure class=\"wp-block-image size-full\"><img loading=\"lazy\" decoding=\"async\" width=\"768\" height=\"1024\" src=\"https:\/\/entorcha.org\/entorcha\/wp-content\/uploads\/2025\/08\/WhatsApp-Image-2022-11-18-at-4.37.17-PM.jpeg\" alt=\"\" class=\"wp-image-118\" srcset=\"https:\/\/entorcha.org\/entorcha\/wp-content\/uploads\/2025\/08\/WhatsApp-Image-2022-11-18-at-4.37.17-PM.jpeg 768w, https:\/\/entorcha.org\/entorcha\/wp-content\/uploads\/2025\/08\/WhatsApp-Image-2022-11-18-at-4.37.17-PM-225x300.jpeg 225w, https:\/\/entorcha.org\/entorcha\/wp-content\/uploads\/2025\/08\/WhatsApp-Image-2022-11-18-at-4.37.17-PM-205x273.jpeg 205w, https:\/\/entorcha.org\/entorcha\/wp-content\/uploads\/2025\/08\/WhatsApp-Image-2022-11-18-at-4.37.17-PM-480x640.jpeg 480w\" sizes=\"auto, (max-width: 768px) 100vw, 768px\" \/><figcaption class=\"wp-element-caption\">Mary Anne Hopgood en el segundo evento de ENTORCHA en <em>Reuni\u00f3n<\/em>.<\/figcaption><\/figure>\n<\/div>\n\n\n\n<div class=\"wp-block-column is-layout-flow wp-block-column-is-layout-flow\" style=\"flex-basis:66.66%\">\n<h2 class=\"wp-block-heading\" style=\"font-size:38px;line-height:1.4\"><strong>ENTORCHA significa cubrir un hilo envolvi\u00e9ndolo con otro. As\u00ed mismo, este proyecto entrelaza nuestras historias de dise\u00f1o de Puerto Rico, conectando generaciones, voces y saberes desde el Caribe y la di\u00e1spora.<\/strong><\/h2>\n\n\n\n<div class=\"wp-block-columns is-layout-flex wp-container-core-columns-is-layout-9d6595d7 wp-block-columns-is-layout-flex\">\n<div class=\"wp-block-column is-layout-flow wp-block-column-is-layout-flow\">\n<p style=\"font-size:18px\">Es una iniciativa de Mar\u00eda de Mater O\u2019Neill, artista, educadora y dise\u00f1adora puertorrique\u00f1a. En marzo de 2022, lanz\u00f3 una convocatoria para recopilar relatos locales de dise\u00f1o a trav\u00e9s de una plataforma colaborativa en l\u00ednea durante dos semanas junto con la colaboraci\u00f3n de la dise\u00f1adora Claudia Robiou. La experiencia se repiti\u00f3 en noviembre del mismo a\u00f1o, esta vez incorporando una parte presencial y sumando a la dise\u00f1adora Aim\u00e9e Siber\u00f3n, como colaboradora de esta iniciativa.<\/p>\n\n\n\n<p>Durante las actividades, dos historiadoras de arquitectura, Dra. Yara Maite Col\u00f3n Rodr\u00edguez y Dra. Luz Marie Rodr\u00edguez compartieron saberes sobre c\u00f3mo contar nuestras propias historias desde ac\u00e1, sin repetir lo que nos ense\u00f1aron desde afuera, y c\u00f3mo guardar esas memorias de manera viva. Participaron dise\u00f1adores y dise\u00f1adoras profesionales, junto a personas de la comunidad, aportando relatos, referencias y objetos que ayudan a trazar un mapa colectivo de las pr\u00e1cticas de dise\u00f1o en Puerto Rico.<\/p>\n<\/div>\n\n\n\n<div class=\"wp-block-column is-layout-flow wp-block-column-is-layout-flow\">\n<p style=\"font-size:18px\">Para que ENTORCHA pueda alcanzar su valor y potencial completo como archivo comunitario de la historia del dise\u00f1o en Puerto Rico, estamos desarrollando una base de datos digital. Esto incluye montar la infraestructura tecnol\u00f3gica necesaria, organizar el contenido y la visualizaci\u00f3n de las entradas.<\/p>\n\n\n\n<p>El dise\u00f1o de esta nueva plataforma facilitar\u00e1 la creaci\u00f3n, el almacenamiento, la revisi\u00f3n y el mapeo de las entradas. As\u00ed vamos construyendo un archivo digital que sea accesible, f\u00e1cil de buscar, y abierto al p\u00fablico\u2014pero solo despu\u00e9s de confirmar bien la informaci\u00f3n.<\/p>\n\n\n\n<p style=\"font-size:18px\">En el presente nos encontramos en la primera etapa del dise\u00f1o de la plataforma. Se han entrado los 300 datos de los eventos de 2022 y se est\u00e1n verificando los mismos. Abrimos en el 23 de octubre de 2025 los formularios para poder nominar nuevas entradas de personas, eventos y organizaciones (o colectivos). El proyecto se present\u00f3 en las reuniones mensuales de la comunidad de practicantes de dise\u00f1o <a href=\"https:\/\/www.instagram.com\/designdinners\/?hl=en\" data-type=\"link\" data-id=\"https:\/\/www.instagram.com\/designdinners\/?hl=en\">Design Dinners<\/a> en el Museo de San Juan, Puerto Rico.<\/p>\n\n\n\n<p>Los pr\u00f3ximos pasos, adem\u00e1s de seguir iterando,  ser\u00e1n incluir una cronolog\u00eda y un diagrama de relaciones de las categor\u00edas para poder comprender mejor las historias de todes nosotres.<\/p>\n<\/div>\n<\/div>\n<\/div>\n<\/div>\n\n\n\n<div class=\"wp-block-columns alignwide is-layout-flex wp-container-core-columns-is-layout-9d6595d7 wp-block-columns-is-layout-flex\">\n<div class=\"wp-block-column is-layout-flow wp-block-column-is-layout-flow\" style=\"flex-basis:25%\">\n<figure class=\"wp-block-image size-large\"><img loading=\"lazy\" decoding=\"async\" width=\"1024\" height=\"768\" src=\"https:\/\/entorcha.org\/entorcha\/wp-content\/uploads\/2025\/08\/WhatsApp-Image-2022-11-13-at-11.35.54-AM-1024x768.jpeg\" alt=\"\" class=\"wp-image-124\" srcset=\"https:\/\/entorcha.org\/entorcha\/wp-content\/uploads\/2025\/08\/WhatsApp-Image-2022-11-13-at-11.35.54-AM-1024x768.jpeg 1024w, https:\/\/entorcha.org\/entorcha\/wp-content\/uploads\/2025\/08\/WhatsApp-Image-2022-11-13-at-11.35.54-AM-300x225.jpeg 300w, https:\/\/entorcha.org\/entorcha\/wp-content\/uploads\/2025\/08\/WhatsApp-Image-2022-11-13-at-11.35.54-AM-768x576.jpeg 768w, https:\/\/entorcha.org\/entorcha\/wp-content\/uploads\/2025\/08\/WhatsApp-Image-2022-11-13-at-11.35.54-AM-1536x1152.jpeg 1536w, https:\/\/entorcha.org\/entorcha\/wp-content\/uploads\/2025\/08\/WhatsApp-Image-2022-11-13-at-11.35.54-AM-205x154.jpeg 205w, https:\/\/entorcha.org\/entorcha\/wp-content\/uploads\/2025\/08\/WhatsApp-Image-2022-11-13-at-11.35.54-AM-480x360.jpeg 480w, https:\/\/entorcha.org\/entorcha\/wp-content\/uploads\/2025\/08\/WhatsApp-Image-2022-11-13-at-11.35.54-AM-1200x900.jpeg 1200w, https:\/\/entorcha.org\/entorcha\/wp-content\/uploads\/2025\/08\/WhatsApp-Image-2022-11-13-at-11.35.54-AM.jpeg 1600w\" sizes=\"auto, (max-width: 1024px) 100vw, 1024px\" \/><figcaption class=\"wp-element-caption\">Mari Mater O&#8217;Neill en el programa radial <em>Dialogando con Benny<\/em>.<\/figcaption><\/figure>\n<\/div>\n\n\n\n<div class=\"wp-block-column is-layout-flow wp-block-column-is-layout-flow\" style=\"flex-basis:50%\">\n<h2 class=\"wp-block-heading\">Nuestro objetivo<\/h2>\n\n\n\n<p>ENTORCHA aspira a provocar un cambio cultural duradero, creando una comunidad de pr\u00e1ctica sostenible que participe activamente en documentar, preservar y compartir la historia del dise\u00f1o de Puerto Rico. A largo plazo, el proyecto busca empoderar a las personas para que se relacionen con su patrimonio cultural a trav\u00e9s de archivos participativos, asegurando que las aportaciones del dise\u00f1o en Puerto Rico sean reconocidas tanto aqu\u00ed como a nivel internacional.<\/p>\n\n\n\n<p>La creaci\u00f3n de un archivo vivo y de acceso abierto permitir\u00e1 que el proyecto siga creciendo en el tiempo. Con aportaciones activas de profesionales y no profesionales de dise\u00f1o locales y de la di\u00e1spora, el archivo se convertir\u00e1 en un recurso para personas que educan, estudian e investigan, fortaleciendo los curr\u00edculos e impulsando la ense\u00f1anza de la historia del dise\u00f1o de Puerto Rico. Al 2025, en nuestras escuelas de dise\u00f1o no se ense\u00f1a la historia de nuestra pr\u00e1ctica de manera sistem\u00e1tica.<\/p>\n\n\n\n<p>Este esfuerzo busca cerrar las brechas existentes y garantizar que las futuras generaciones reconozcan el valor cultural y social del dise\u00f1o de Puerto Rico.<\/p>\n<\/div>\n\n\n\n<div class=\"wp-block-column is-layout-flow wp-block-column-is-layout-flow\" style=\"flex-basis:25%\">\n<figure class=\"wp-block-image size-large\"><img loading=\"lazy\" decoding=\"async\" width=\"1024\" height=\"768\" src=\"https:\/\/entorcha.org\/entorcha\/wp-content\/uploads\/2025\/08\/WhatsApp-Image-2022-11-21-at-1.20.32-PM-1024x768.jpeg\" alt=\"\" class=\"wp-image-126\" srcset=\"https:\/\/entorcha.org\/entorcha\/wp-content\/uploads\/2025\/08\/WhatsApp-Image-2022-11-21-at-1.20.32-PM-1024x768.jpeg 1024w, https:\/\/entorcha.org\/entorcha\/wp-content\/uploads\/2025\/08\/WhatsApp-Image-2022-11-21-at-1.20.32-PM-300x225.jpeg 300w, https:\/\/entorcha.org\/entorcha\/wp-content\/uploads\/2025\/08\/WhatsApp-Image-2022-11-21-at-1.20.32-PM-768x576.jpeg 768w, https:\/\/entorcha.org\/entorcha\/wp-content\/uploads\/2025\/08\/WhatsApp-Image-2022-11-21-at-1.20.32-PM-205x154.jpeg 205w, https:\/\/entorcha.org\/entorcha\/wp-content\/uploads\/2025\/08\/WhatsApp-Image-2022-11-21-at-1.20.32-PM-480x360.jpeg 480w, https:\/\/entorcha.org\/entorcha\/wp-content\/uploads\/2025\/08\/WhatsApp-Image-2022-11-21-at-1.20.32-PM.jpeg 1125w\" sizes=\"auto, (max-width: 1024px) 100vw, 1024px\" \/><figcaption class=\"wp-element-caption\">Dra. Yara M. Col\u00f3n Rodr\u00edguez (presencial) y la Dra. Luz Rodr\u00edguez (en pantalla) en el segundo evento de ENTORCHA en <em>Reuni\u00f3n<\/em>.<\/figcaption><\/figure>\n<\/div>\n<\/div>\n\n\n\n<div class=\"wp-block-columns alignwide is-layout-flex wp-container-core-columns-is-layout-9d6595d7 wp-block-columns-is-layout-flex\">\n<div class=\"wp-block-column is-layout-flow wp-block-column-is-layout-flow\" style=\"flex-basis:66.66%\">\n<h2 class=\"wp-block-heading\">Trasfondo<\/h2>\n\n\n\n<p>Los archivos comunitarios son herramientas poderosas para contar historias desde muchos mundos, no solo desde una sola versi\u00f3n. Lo vemos en proyectos como el <em>Archivo de la Memoria Trans<\/em> en Argentina (<a href=\"https:\/\/archivotrans.ar\" data-type=\"link\" data-id=\"https:\/\/archivotrans.ar\">archivotrans.ar<\/a>), <em>Cultne<\/em> en Brasil (<a href=\"https:\/\/cultne.org.br\" data-type=\"link\" data-id=\"https:\/\/cultne.org.br\">cultne.org.br<\/a>), y el <em>South Asian American Digital Archive<\/em> en Estados Unidos (<a href=\"https:\/\/www.saada.org\">saada.org<\/a>). Otro esfuerzo de archivo comunitarios es el de <em>Memoria Boriqueer<\/em> (<a href=\"https:\/\/www.puertoricoqueerfilmfest.com\/memoria-boriqueer\">https:\/\/www.puertoricoqueerfilmfest.com\/memoria-boriqueer<\/a>), historias de adultos mayores de la comunidad <em>LGBTQIA+<\/em> en Puerto Rico.<\/p>\n\n\n\n<p>En Puerto Rico no contamos con un archivo de dise\u00f1o que sea inclusivo, que nazca desde la comunidad, y que se enfoque en contar nuestras historias desde nuestras perspectivas \u2014no desde lo que nos contaron desde afuera.<\/p>\n\n\n\n<p>En Puerto Rico los esfuerzos para documentar y archivar el dise\u00f1o han sido dispersos y muchos est\u00e1n invisibilizados al p\u00fablico general. Algunas iniciativas como&nbsp;<a href=\"https:\/\/open.spotify.com\/show\/1pIfxRJpEYsCTCNH1aXJOJ?si=21ada5525a9b4b6f\">El Barrio: Cultura Creativa<\/a>&nbsp;(2016\u20132020), del fot\u00f3grafo Anexis Morales, ayudaron a visibilizar el dise\u00f1o local a trav\u00e9s de entrevistas y podcasts. El podcast <a href=\"https:\/\/layshicurbelo.com\/podcast\">Command Z<\/a>, liderado por Layshi Curbelo, ha generado una amplia e inclusiva serie de entrevistas a dise\u00f1adores en diferentes ramas. Las revistas en l\u00ednea <a href=\"https:\/\/autogiro.cronicaurbana.com\/\">Autogiro<\/a> y <a href=\"https:\/\/90grados.com\/\">90 grados<\/a>, tabloide digital de dise\u00f1o, mantienen publicaciones en l\u00ednea sobre dise\u00f1o y las artes pl\u00e1sticas; y el Colegio de Arquitectos y Arquitectos Paisajistas de Puerto Rico (CAAP) ofrece charlas relacionadas a dise\u00f1o arquitect\u00f3nico, de interiores y paisajista. Otro proyecto a destacar es el de Sylvia Aguil\u00f3, en la recuperaci\u00f3n de los archivos del ya clausurado Concilio de Dise\u00f1o de Puerto Rico.<\/p>\n\n\n\n<p>Los cursos de historia del dise\u00f1o siguen estando enfocados mayormente en contextos europeos y estadounidenses, lo que deja a personas estudiantes con la impresi\u00f3n err\u00f3nea de que las aportaciones del dise\u00f1o de Puerto Rico son m\u00ednimas o inexistentes. Esta falta de representaci\u00f3n tambi\u00e9n se nota en espacios institucionales, como el <a href=\"https:\/\/www.madmi.org\" data-type=\"link\" data-id=\"https:\/\/www.madmi.org\">Museo de Arte y Dise\u00f1o de Miramar (MADMi) <\/a>en San Juan, el cual ha reconocido adem\u00e1s que su cronolog\u00eda expuesta permanentemente representa poco a las mujeres, invisibilaci\u00f3n de personas <em>LGBTQIA+<\/em> y a la comunidad afro-puertorrique\u00f1a. MADMi apoy\u00f3 el primer evento de ENTORCHA.<\/p>\n\n\n\n<p>Aportaciones importantes como el dise\u00f1o de campa\u00f1a realizado por Mary Anne Hopgood en 1993 para la primera candidata presidencial en Costa Rica, o las fotos de Hiram Maritny sobre los&nbsp;<em>Young Lords<\/em>, corren el riesgo de quedar en el olvido. Para hacerle frente a esa brecha, ENTORCHA ha mantenido un di\u00e1logo activo con la comunidad del dise\u00f1o y la di\u00e1spora. Mar\u00eda de Mater O\u2019Neill ha presentado el proyecto en eventos como&nbsp;<em>Untold Stories:<a href=\"https:\/\/www.sodabaltimore.com\/past-programs\/latino-design-histories-untold-stories-on-the-us-territory-of-puerto-rico-and-its-diaspora\"> AIGA Baltimore<\/a><\/em> y la conferencia educativa&nbsp;<a href=\"https:\/\/educators.aiga.org\/2022-dec-mini-conference-surface\/\" data-type=\"link\" data-id=\"https:\/\/educators.aiga.org\/2022-dec-mini-conference-surface\/\"><em>Surface AIGA 2022<\/em><\/a>&nbsp;en Seattle, Estados Unidos, para invitar a participar a m\u00e1s personas puertorrique\u00f1as fuera del archipi\u00e9lago. Tambi\u00e9n se han hecho gestiones locales como la participaci\u00f3n en la radio AM, por ejemplo en el programa&nbsp;<em><a href=\"https:\/\/www.facebook.com\/RadioIslaTV\/videos\/ahora-en-vivo-ri1320\/1049908812369105\/\" data-type=\"link\" data-id=\"https:\/\/www.facebook.com\/RadioIslaTV\/videos\/ahora-en-vivo-ri1320\/1049908812369105\/\">Dialogando con Benny<\/a><\/em>&nbsp;(13 de noviembre de 2022) para anunciar el segundo evento de ENTORCHA realizado en <a href=\"https:\/\/www.instagram.com\/reunion.espacio\/\">Reuni\u00f3n<\/a>.<\/p>\n<\/div>\n\n\n\n<div class=\"wp-block-column is-layout-flow wp-block-column-is-layout-flow\" style=\"flex-basis:33.33%\">\n<figure class=\"wp-block-image size-large\"><img loading=\"lazy\" decoding=\"async\" width=\"1024\" height=\"768\" src=\"https:\/\/entorcha.org\/entorcha\/wp-content\/uploads\/2025\/08\/20221112_151029-1024x768.jpg\" alt=\"\" class=\"wp-image-53\" srcset=\"https:\/\/entorcha.org\/entorcha\/wp-content\/uploads\/2025\/08\/20221112_151029-1024x768.jpg 1024w, https:\/\/entorcha.org\/entorcha\/wp-content\/uploads\/2025\/08\/20221112_151029-300x225.jpg 300w, https:\/\/entorcha.org\/entorcha\/wp-content\/uploads\/2025\/08\/20221112_151029-768x576.jpg 768w, https:\/\/entorcha.org\/entorcha\/wp-content\/uploads\/2025\/08\/20221112_151029-205x154.jpg 205w, https:\/\/entorcha.org\/entorcha\/wp-content\/uploads\/2025\/08\/20221112_151029-480x360.jpg 480w, https:\/\/entorcha.org\/entorcha\/wp-content\/uploads\/2025\/08\/20221112_151029.jpg 1200w\" sizes=\"auto, (max-width: 1024px) 100vw, 1024px\" \/><figcaption class=\"wp-element-caption\">Participantes en el segundo evento de ENTORCHA en <em>Reuni\u00f3n<\/em>.<\/figcaption><\/figure>\n<\/div>\n<\/div>\n\n\n\n<h2 class=\"wp-block-heading\">Valores de ENTORCHA<\/h2>\n\n\n\n<p><strong>Entorcha se rige por una \u00e9tica inclusiva, responsable y colaborativa, que reconoce al dise\u00f1o en todas sus formas como patrimonio cultural vivo y compartido.<\/strong><\/p>\n\n\n\n<p><\/p>\n\n\n\n<figure class=\"wp-block-image size-large\"><img loading=\"lazy\" decoding=\"async\" width=\"1024\" height=\"576\" src=\"https:\/\/entorcha.org\/entorcha\/wp-content\/uploads\/2025\/08\/WhatsApp-Image-2022-11-21-at-1.20.28-PM-1024x576.jpeg\" alt=\"Personas durante el evento en Reuni\u00f3n\" class=\"wp-image-125\" srcset=\"https:\/\/entorcha.org\/entorcha\/wp-content\/uploads\/2025\/08\/WhatsApp-Image-2022-11-21-at-1.20.28-PM-1024x576.jpeg 1024w, https:\/\/entorcha.org\/entorcha\/wp-content\/uploads\/2025\/08\/WhatsApp-Image-2022-11-21-at-1.20.28-PM-300x169.jpeg 300w, https:\/\/entorcha.org\/entorcha\/wp-content\/uploads\/2025\/08\/WhatsApp-Image-2022-11-21-at-1.20.28-PM-768x432.jpeg 768w, https:\/\/entorcha.org\/entorcha\/wp-content\/uploads\/2025\/08\/WhatsApp-Image-2022-11-21-at-1.20.28-PM-205x115.jpeg 205w, https:\/\/entorcha.org\/entorcha\/wp-content\/uploads\/2025\/08\/WhatsApp-Image-2022-11-21-at-1.20.28-PM-480x270.jpeg 480w, https:\/\/entorcha.org\/entorcha\/wp-content\/uploads\/2025\/08\/WhatsApp-Image-2022-11-21-at-1.20.28-PM.jpeg 1125w\" sizes=\"auto, (max-width: 1024px) 100vw, 1024px\" \/><figcaption class=\"wp-element-caption\">Dra. Yara M. Col\u00f3n Rodr\u00edguez, Dra. Mari Mater O&#8217;Neill, Claudia Robiou (de espalda) y Aime\u00e9 Siber\u00f3n (a la derecha), compartiendo con los participantes durante el segundo evento en <em>Reuni\u00f3n<\/em>.<\/figcaption><\/figure>\n\n\n\n<p><\/p>\n","protected":false},"excerpt":{"rendered":"<p>ENTORCHA es un archivo sobre la historia del dise\u00f1o de Puerto Rico, creado con una metodolog\u00eda participativa y abierto a quienes quieran colaborar. Su objetivo es documentar las historias del dise\u00f1o de Puerto Rico desde una mirada caribe\u00f1a que cuenta la historia desde ac\u00e1, no como nos la contaron, sino como la hemos vivido y [&hellip;]<\/p>\n","protected":false},"author":1,"featured_media":0,"parent":0,"menu_order":0,"comment_status":"closed","ping_status":"closed","template":"","meta":{"footnotes":""},"class_list":["post-9","page","type-page","status-publish","hentry"],"_links":{"self":[{"href":"https:\/\/entorcha.org\/entorcha\/index.php\/wp-json\/wp\/v2\/pages\/9","targetHints":{"allow":["GET"]}}],"collection":[{"href":"https:\/\/entorcha.org\/entorcha\/index.php\/wp-json\/wp\/v2\/pages"}],"about":[{"href":"https:\/\/entorcha.org\/entorcha\/index.php\/wp-json\/wp\/v2\/types\/page"}],"author":[{"embeddable":true,"href":"https:\/\/entorcha.org\/entorcha\/index.php\/wp-json\/wp\/v2\/users\/1"}],"replies":[{"embeddable":true,"href":"https:\/\/entorcha.org\/entorcha\/index.php\/wp-json\/wp\/v2\/comments?post=9"}],"version-history":[{"count":20,"href":"https:\/\/entorcha.org\/entorcha\/index.php\/wp-json\/wp\/v2\/pages\/9\/revisions"}],"predecessor-version":[{"id":1594,"href":"https:\/\/entorcha.org\/entorcha\/index.php\/wp-json\/wp\/v2\/pages\/9\/revisions\/1594"}],"wp:attachment":[{"href":"https:\/\/entorcha.org\/entorcha\/index.php\/wp-json\/wp\/v2\/media?parent=9"}],"curies":[{"name":"wp","href":"https:\/\/api.w.org\/{rel}","templated":true}]}}