{"id":63,"date":"2025-08-24T18:07:48","date_gmt":"2025-08-24T18:07:48","guid":{"rendered":"https:\/\/entorcha.org\/entorcha\/?page_id=63"},"modified":"2025-10-23T09:44:30","modified_gmt":"2025-10-23T13:44:30","slug":"equipo-entorcha","status":"publish","type":"page","link":"https:\/\/entorcha.org\/entorcha\/index.php\/equipo-entorcha\/","title":{"rendered":"Equipa Entorcha"},"content":{"rendered":"\n<div class=\"wp-block-group alignfull is-content-justification-center\" style=\"margin-top:0;margin-bottom:0\"><div class=\"wp-block-group__inner-container is-layout-constrained wp-block-group-is-layout-constrained\">\n<div style=\"height:var(--wp--preset--spacing--20)\" aria-hidden=\"true\" class=\"wp-block-spacer\"><\/div>\n\n\n\n<div class=\"wp-block-group alignwide\"><div class=\"wp-block-group__inner-container is-layout-flow wp-block-group-is-layout-flow\">\n<div class=\"wp-block-columns alignwide are-vertically-aligned-top is-layout-flex wp-container-core-columns-is-layout-ac3ebc3b wp-block-columns-is-layout-flex\">\n<div class=\"wp-block-column is-vertically-aligned-top is-content-justification-left is-layout-constrained wp-container-core-column-is-layout-02d07192 wp-block-column-is-layout-constrained\">\n<figure class=\"wp-block-image size-full\"><img loading=\"lazy\" decoding=\"async\" width=\"452\" height=\"452\" src=\"https:\/\/entorcha.org\/entorcha\/wp-content\/uploads\/2025\/08\/Maria-de-Mater-ONeill-edited.jpeg\" alt=\"\" class=\"wp-image-65\" srcset=\"https:\/\/entorcha.org\/entorcha\/wp-content\/uploads\/2025\/08\/Maria-de-Mater-ONeill-edited.jpeg 452w, https:\/\/entorcha.org\/entorcha\/wp-content\/uploads\/2025\/08\/Maria-de-Mater-ONeill-edited-300x300.jpeg 300w, https:\/\/entorcha.org\/entorcha\/wp-content\/uploads\/2025\/08\/Maria-de-Mater-ONeill-edited-150x150.jpeg 150w, https:\/\/entorcha.org\/entorcha\/wp-content\/uploads\/2025\/08\/Maria-de-Mater-ONeill-edited-40x40.jpeg 40w, https:\/\/entorcha.org\/entorcha\/wp-content\/uploads\/2025\/08\/Maria-de-Mater-ONeill-edited-275x275.jpeg 275w, https:\/\/entorcha.org\/entorcha\/wp-content\/uploads\/2025\/08\/Maria-de-Mater-ONeill-edited-205x205.jpeg 205w\" sizes=\"auto, (max-width: 452px) 100vw, 452px\" \/><\/figure>\n\n\n\n<h2 class=\"wp-block-heading\">Dra. Mar\u00eda de Mater O\u2019Neill<\/h2>\n\n\n\n<p><strong>IG:<\/strong> <a href=\"http:\/\/instagram.com\/@materoneill\" data-type=\"link\" data-id=\"instagram.com\/@materoneill\">@materoneill<\/a><br><strong>Email:<\/strong> <a href=\"mailto:mmo@rubberbandpr.com\">mmo@rubberbandpr.com<\/a> <\/p>\n\n\n\n<p><strong>LinkedIn<\/strong>: <a href=\"https:\/\/pr.linkedin.com\/in\/dr-mar%C3%ADa-de-mater-o-neill-795a622b\" target=\"_blank\" rel=\"noreferrer noopener\">linkedin.com\u00a0\u203a\u00a0in\u00a0\u203a\u00a0dr-mar%C3%ADa-de-mater-o-neill-795a622b<\/a><\/p>\n\n\n\n<p><\/p>\n<\/div>\n\n\n\n<div class=\"wp-block-column is-vertically-aligned-top is-layout-flow wp-block-column-is-layout-flow\" style=\"flex-basis:40%\">\n<p>Soy puertorrique\u00f1a y doctora en pr\u00e1ctica del dise\u00f1o. Tuve pr\u00e1ctica como pintora por casi tres d\u00e9cadas. <\/p>\n\n\n\n<p>En el campo del dise\u00f1o, me he enfocado en el tema de la resiliencia. Ese fue el tema de mi investigaci\u00f3n doctoral en Inglaterra:&nbsp;<em>\u201cM\u00e9todos de resiliencia para dise\u00f1adores bajo situaciones de estr\u00e9s.\u201d<\/em> (2013)&nbsp;A partir de ah\u00ed, he trabajado tambi\u00e9n en la ense\u00f1anza del dise\u00f1o en contextos de desastre, dise\u00f1o y g\u00e9nero, y luego curs\u00e9 en M\u00e9xico un posgrado en estudios del futuro y pensamiento estrat\u00e9gico.<\/p>\n\n\n\n<p>Mi trabajo desde <a href=\"https:\/\/www.rubberbandpr.com\" data-type=\"link\" data-id=\"https:\/\/www.rubberbandpr.com\">Rubberband Design Studio<\/a> tiene un enfoque social. Desde hacer que las leyes sean m\u00e1s comprensibles, ofrecer talleres de&nbsp;<em>design thinking<\/em>, co-dise\u00f1o a caficultores, e Inteligencia Artificial, hasta gerenciar en una organizaci\u00f3n cultural su proceso de transformaci\u00f3n.<\/p>\n\n\n\n<p>Trabajo con metodolog\u00edas participativas y de dise\u00f1o comunitario. Para m\u00ed, el dise\u00f1o es un acto pol\u00edtico, por eso pongo \u00e9nfasis en repensarlo desde nuestras propias experiencias, valores y contextos.<\/p>\n\n\n\n<p>Mi compromiso con una pr\u00e1ctica cr\u00edtica del dise\u00f1o ha ido evolucionando con el tiempo. Parto de la convicci\u00f3n de que las narrativas tradicionales del dise\u00f1o suelen excluir voces marginalizadas. Para m\u00ed, la documentaci\u00f3n y la co-creaci\u00f3n son herramientas clave para romper con esas narrativas.<\/p>\n\n\n\n<p>Esto se refleja en mi trabajo actual por preservar la historia del dise\u00f1o puertorrique\u00f1o, incluyendo una iniciativa en 2017, junto a la historiadora Dra. Yara Maite Col\u00f3n Rodr\u00edguez, para lograr la donaci\u00f3n de los documentos gr\u00e1ficos y administrativos de la dise\u00f1adora Mary Anne Hopgood Santaella al Archivo General de Puerto Rico \u2014la primera colecci\u00f3n de dise\u00f1o gr\u00e1fico en la historia del archipi\u00e9lago. Como parte de ese esfuerzo, lanc\u00e9 la p\u00e1gina de Facebook&nbsp;<a href=\"https:\/\/www.facebook.com\/sacandodelacaja\">Sacando de la caja<\/a>&nbsp;para documentar y compartir el proceso de digitalizaci\u00f3n y as\u00ed ampliar el acceso a esta colecci\u00f3n vital. Ese mismo a\u00f1o, fui invitada a colaborar con el arquitecto Edwin Quiles y la Dra. Omayra Rivera Crespo en <a href=\"https:\/\/escuchandolasvocesblog.wordpress.com\/\" data-type=\"link\" data-id=\"https:\/\/escuchandolasvocesblog.wordpress.com\/\">una exposici\u00f3n sobre la historia del dise\u00f1o participativo en Puerto Rico<\/a>. Esa investigaci\u00f3n participativa en dise\u00f1o fue publicada luego en la revista&nbsp;<a href=\"https:\/\/quod.lib.umich.edu\/d\/dialectic\/14932326.0002.107?view=text;rgn=main\"><em>Dialectic<\/em>&nbsp;<\/a>y recibi\u00f3 una Menci\u00f3n de Honor en la XV Bienal de Arquitectura y Arquitectura del Paisaje de Puerto Rico en 2019. Propuse entonces al Arq. Quiles y la Dra. Rivera Crespo un cambio de enfoque hacia una investigaci\u00f3n basada en proyectos, inspirada en mi metodolog\u00eda doctoral y en proyectos anteriores como la iniciativa de relatos con <a href=\"https:\/\/proyectocpr.wordpress.com\/\" data-type=\"link\" data-id=\"https:\/\/proyectocpr.wordpress.com\/\">pacientes de c\u00e1ncer<\/a>. As\u00ed, la metodolog\u00eda de ENTORCHA se basa en mis experiencias como investigadora practicante del dise\u00f1o.<\/p>\n<\/div>\n<\/div>\n\n\n\n<div style=\"height:4px\" aria-hidden=\"true\" class=\"wp-block-spacer\"><\/div>\n<\/div><\/div>\n\n\n\n<div class=\"wp-block-columns alignwide are-vertically-aligned-top is-layout-flex wp-container-core-columns-is-layout-ac3ebc3b wp-block-columns-is-layout-flex\">\n<div class=\"wp-block-column is-vertically-aligned-top is-content-justification-left is-layout-constrained wp-container-core-column-is-layout-02d07192 wp-block-column-is-layout-constrained\">\n<figure class=\"wp-block-image size-full\"><img loading=\"lazy\" decoding=\"async\" width=\"600\" height=\"600\" src=\"https:\/\/entorcha.org\/entorcha\/wp-content\/uploads\/2025\/08\/Claudia-Robiou-edited.webp\" alt=\"\" class=\"wp-image-68\" srcset=\"https:\/\/entorcha.org\/entorcha\/wp-content\/uploads\/2025\/08\/Claudia-Robiou-edited.webp 600w, https:\/\/entorcha.org\/entorcha\/wp-content\/uploads\/2025\/08\/Claudia-Robiou-edited-300x300.webp 300w, https:\/\/entorcha.org\/entorcha\/wp-content\/uploads\/2025\/08\/Claudia-Robiou-edited-150x150.webp 150w, https:\/\/entorcha.org\/entorcha\/wp-content\/uploads\/2025\/08\/Claudia-Robiou-edited-40x40.webp 40w, https:\/\/entorcha.org\/entorcha\/wp-content\/uploads\/2025\/08\/Claudia-Robiou-edited-275x275.webp 275w, https:\/\/entorcha.org\/entorcha\/wp-content\/uploads\/2025\/08\/Claudia-Robiou-edited-205x205.webp 205w, https:\/\/entorcha.org\/entorcha\/wp-content\/uploads\/2025\/08\/Claudia-Robiou-edited-480x480.webp 480w\" sizes=\"auto, (max-width: 600px) 100vw, 600px\" \/><\/figure>\n\n\n\n<h2 class=\"wp-block-heading\">Claudia Robiou<\/h2>\n\n\n\n<p><strong>Web:<\/strong> <a href=\"https:\/\/www.claudiarobiou.com\" data-type=\"link\" data-id=\"https:\/\/www.claudiarobiou.com\">claudiarobiou.com<\/a><br><strong>LinkedIn<\/strong>: <a href=\"https:\/\/www.linkedin.com\/in\/claudiarobiou\/\">linkedin.com\/in\/claudiarobiou\/<\/a><\/p>\n<\/div>\n\n\n\n<div class=\"wp-block-column is-vertically-aligned-top is-layout-flow wp-block-column-is-layout-flow\" style=\"flex-basis:40%\">\n<p>Hola, soy Claudia Robiou. Llevo m\u00e1s de 20 a\u00f1os trabajando en dise\u00f1o, estrategia y comunicaci\u00f3n en los sectores empresarial, creativo y sin fines de lucro. A lo largo de mi carrera he tenido la dicha de aprender de excelentes mentores, liderar equipos, lanzar productos digitales, construir marcas desde cero, trabajar en publicaciones y crear experiencias de usuario, como algunos ejemplos.<\/p>\n\n\n\n<p>Me apasiona usar el dise\u00f1o como herramienta para facilitar procesos y conectar personas y acciones. Me considero una generalista, capaz de moverme entre sistemas de dise\u00f1o, estrategias de contenido, facilitaci\u00f3n y UX. Actualmente trabajo en la industria de tecnolog\u00eda como dise\u00f1adora UX, combinando an\u00e1lisis, dise\u00f1o participativo y visi\u00f3n estrat\u00e9gica.<\/p>\n\n\n\n<p>En paralelo, colaboro con proyectos sociales, ambientales y comunitarios. Soy cofundadora de <em>Design Dinners <\/em>y fundadora de un grupo de nataci\u00f3n en aguas abiertas. A invitaci\u00f3n de Mari Mater me un\u00ed al esfuerzo de ENTORCHA en su primer a\u00f1o. Aspiro a colaborar en crear un referente para el dise\u00f1o en y de Puerto Rico que ayude a su documentaci\u00f3n, educaci\u00f3n y valorizaci\u00f3n.<\/p>\n\n\n\n<p><\/p>\n<\/div>\n<\/div>\n\n\n\n<div style=\"height:var(--wp--preset--spacing--20)\" aria-hidden=\"true\" class=\"wp-block-spacer\"><\/div>\n<\/div><\/div>\n\n\n\n<div class=\"wp-block-group alignwide\"><div class=\"wp-block-group__inner-container is-layout-flow wp-block-group-is-layout-flow\">\n<div class=\"wp-block-columns alignwide are-vertically-aligned-top is-layout-flex wp-container-core-columns-is-layout-ac3ebc3b wp-block-columns-is-layout-flex\">\n<div class=\"wp-block-column is-vertically-aligned-top is-content-justification-left is-layout-constrained wp-container-core-column-is-layout-02d07192 wp-block-column-is-layout-constrained\">\n<figure class=\"wp-block-image size-full\"><img loading=\"lazy\" decoding=\"async\" width=\"800\" height=\"800\" src=\"https:\/\/entorcha.org\/entorcha\/wp-content\/uploads\/2025\/08\/Aimee-Siberon.webp\" alt=\"\" class=\"wp-image-69\" srcset=\"https:\/\/entorcha.org\/entorcha\/wp-content\/uploads\/2025\/08\/Aimee-Siberon.webp 800w, https:\/\/entorcha.org\/entorcha\/wp-content\/uploads\/2025\/08\/Aimee-Siberon-300x300.webp 300w, https:\/\/entorcha.org\/entorcha\/wp-content\/uploads\/2025\/08\/Aimee-Siberon-150x150.webp 150w, https:\/\/entorcha.org\/entorcha\/wp-content\/uploads\/2025\/08\/Aimee-Siberon-768x768.webp 768w, https:\/\/entorcha.org\/entorcha\/wp-content\/uploads\/2025\/08\/Aimee-Siberon-40x40.webp 40w, https:\/\/entorcha.org\/entorcha\/wp-content\/uploads\/2025\/08\/Aimee-Siberon-275x275.webp 275w, https:\/\/entorcha.org\/entorcha\/wp-content\/uploads\/2025\/08\/Aimee-Siberon-205x205.webp 205w, https:\/\/entorcha.org\/entorcha\/wp-content\/uploads\/2025\/08\/Aimee-Siberon-480x480.webp 480w\" sizes=\"auto, (max-width: 800px) 100vw, 800px\" \/><\/figure>\n\n\n\n<h2 class=\"wp-block-heading\">Aime\u00e9 Siberon<\/h2>\n\n\n\n<p><br><strong>LinkedIn:<\/strong> <a href=\"https:\/\/www.linkedin.com\/in\/aimee-siberon-35731520\/\">linkedin.com\/in\/aimee-siberon-35731520\/ <\/a><strong>IG<\/strong>:<a href=\"https:\/\/www.instagram.com\/imagemakerdesignstudio\/\" data-type=\"link\" data-id=\"https:\/\/www.instagram.com\/imagemakerdesignstudio\/\">@imagemakerdesignstudio<\/a><\/p>\n\n\n\n<p><\/p>\n<\/div>\n\n\n\n<div class=\"wp-block-column is-vertically-aligned-top is-layout-flow wp-block-column-is-layout-flow\" style=\"flex-basis:40%\">\n<p>Aimee Siberon Arias es una dise\u00f1adora gr\u00e1fica galardonada, directora creativa y artista visual cuya obra entrelaza el dise\u00f1o estrat\u00e9gico, el arte y la conciencia ambiental. A lo largo de m\u00e1s de dos d\u00e9cadas, ha colaborado con empresas Fortune 100, agencias gubernamentales y organizaciones sin fines de lucro en el desarrollo de identidades y sistemas visuales que encarnan claridad, prop\u00f3sito y resonancia cultural.<\/p>\n\n\n\n<p>En 2001 fund\u00f3 <a href=\"http:\/\/www.imagemakerpr.net\/\" data-type=\"link\" data-id=\"http:\/\/www.imagemakerpr.net\/\">Image Maker Design Studio<\/a>, un espacio creativo dedicado a la comunicaci\u00f3n visual y al branding estrat\u00e9gico. Hoy, bajo su direcci\u00f3n, el estudio se enfoca en proyectos con prop\u00f3sito, iniciativas que buscan generar impacto social, cultural y ecol\u00f3gico. Su trabajo combina pensamiento estrat\u00e9gico y visi\u00f3n conceptual para crear identidades de marca inteligentes y sistemas visuales duraderos que equilibran la precisi\u00f3n est\u00e9tica con la conexi\u00f3n humana.<\/p>\n\n\n\n<p>La visi\u00f3n creativa de Aimee trasciende las disciplinas tradicionales del dise\u00f1o. Como <em>Gu\u00eda Certificada en Terapia Forestal <\/em>(ANFT), <em>Gu\u00eda Interpretativa<\/em> (NAI) y practicante de <em>Theory U<\/em> (MIT), explora la intersecci\u00f3n entre creatividad, conciencia y mundo natural. A trav\u00e9s de su iniciativa <em>Artfull Forest<\/em>, dise\u00f1a experiencias inmersivas \u2014incluyendo ba\u00f1os de bosque, talleres de grabado y retiros creativos inspirados en la naturaleza\u2014 que invitan a los participantes a desacelerar, despertar los sentidos y reconectarse con los ritmos del entorno natural. Estas caminatas guiadas, basadas en la pr\u00e1ctica japonesa de <em>Shinrin-Yoku<\/em> (ba\u00f1o de bosque), cultivan la quietud, la atenci\u00f3n sensorial y la gratitud como caminos hacia el equilibrio y el bienestar integral.<\/p>\n\n\n\n<p>Su enfoque multidisciplinario refleja una convicci\u00f3n profunda: que el dise\u00f1o \u2014ya sea visual, experiencial o ambiental\u2014 puede actuar como un catalizador de transformaci\u00f3n y conexi\u00f3n. Su pr\u00e1ctica fusiona el rigor del dise\u00f1o comunicacional con la empat\u00eda del arte y la sabidur\u00eda de la ecolog\u00eda.<\/p>\n\n\n\n<p>Desde 2023 forma parte de la Junta de directores de la <a href=\"https:\/\/loveinmotion.org\/\" data-type=\"link\" data-id=\"https:\/\/loveinmotion.org\/\"><em>Love in Motion Foundation<\/em><\/a>, organizaci\u00f3n puertorrique\u00f1a dedicada al turismo comunitario sostenible, y es miembro activa de <em><a href=\"https:\/\/www.womenintourismpuertorico.com\/\" data-type=\"link\" data-id=\"https:\/\/www.womenintourismpuertorico.com\/\">Women in Tourism Puerto Rico<\/a><\/em>, impulsando iniciativas lideradas por mujeres en el \u00e1mbito del turismo regenerativo y el emprendimiento creativo.<\/p>\n\n\n\n<p>Aimee posee un BFA en Comunicaci\u00f3n Visual\\Dise\u00f1o Gr\u00e1fico con concentraci\u00f3n menor en grabado de la Maryland Institute College of Art, adem\u00e1s de certificaciones en <em>Wilderness First Aid<\/em> (WFA) y <em>U-Lab: Leading from the Emerging Future<\/em> (MITx). Su trabajo representa una b\u00fasqueda continua: tender puentes entre el dise\u00f1o, el arte y la naturaleza, record\u00e1ndonos que la creatividad \u2014como el bosque\u2014 es a la vez refugio y fuerza de renovaci\u00f3n.<\/p>\n<\/div>\n<\/div>\n\n\n\n<div style=\"height:4px\" aria-hidden=\"true\" class=\"wp-block-spacer\"><\/div>\n<\/div><\/div>\n\n\n\n<div class=\"wp-block-group alignwide\"><div class=\"wp-block-group__inner-container is-layout-flow wp-block-group-is-layout-flow\">\n<div class=\"wp-block-columns alignwide are-vertically-aligned-top is-layout-flex wp-container-core-columns-is-layout-ac3ebc3b wp-block-columns-is-layout-flex\">\n<div class=\"wp-block-column is-vertically-aligned-top is-content-justification-left is-layout-constrained wp-container-core-column-is-layout-02d07192 wp-block-column-is-layout-constrained\">\n<figure class=\"wp-block-image size-full\"><img loading=\"lazy\" decoding=\"async\" width=\"2316\" height=\"2316\" src=\"https:\/\/entorcha.org\/entorcha\/wp-content\/uploads\/2025\/10\/rach_2025-edited.jpg\" alt=\"\" class=\"wp-image-1826\" srcset=\"https:\/\/entorcha.org\/entorcha\/wp-content\/uploads\/2025\/10\/rach_2025-edited.jpg 2316w, https:\/\/entorcha.org\/entorcha\/wp-content\/uploads\/2025\/10\/rach_2025-edited-300x300.jpg 300w, https:\/\/entorcha.org\/entorcha\/wp-content\/uploads\/2025\/10\/rach_2025-edited-1024x1024.jpg 1024w, https:\/\/entorcha.org\/entorcha\/wp-content\/uploads\/2025\/10\/rach_2025-edited-150x150.jpg 150w, https:\/\/entorcha.org\/entorcha\/wp-content\/uploads\/2025\/10\/rach_2025-edited-768x768.jpg 768w, https:\/\/entorcha.org\/entorcha\/wp-content\/uploads\/2025\/10\/rach_2025-edited-1536x1536.jpg 1536w, https:\/\/entorcha.org\/entorcha\/wp-content\/uploads\/2025\/10\/rach_2025-edited-2048x2048.jpg 2048w, https:\/\/entorcha.org\/entorcha\/wp-content\/uploads\/2025\/10\/rach_2025-edited-40x40.jpg 40w, https:\/\/entorcha.org\/entorcha\/wp-content\/uploads\/2025\/10\/rach_2025-edited-275x275.jpg 275w, https:\/\/entorcha.org\/entorcha\/wp-content\/uploads\/2025\/10\/rach_2025-edited-205x205.jpg 205w, https:\/\/entorcha.org\/entorcha\/wp-content\/uploads\/2025\/10\/rach_2025-edited-480x480.jpg 480w, https:\/\/entorcha.org\/entorcha\/wp-content\/uploads\/2025\/10\/rach_2025-edited-1200x1200.jpg 1200w, https:\/\/entorcha.org\/entorcha\/wp-content\/uploads\/2025\/10\/rach_2025-edited-1980x1980.jpg 1980w\" sizes=\"auto, (max-width: 2316px) 100vw, 2316px\" \/><\/figure>\n\n\n\n<h2 class=\"wp-block-heading\">Rachel Hern\u00e1ndez Pumarejo<\/h2>\n\n\n\n<p><strong>Web<\/strong>: <a href=\"https:\/\/www.umbral-liminal.co\">umbral-liminal.co<\/a><br><strong>LinkedIn<\/strong>: <a href=\"https:\/\/www.linkedin.com\/in\/rachelhp\/\">linkedin.com\/in\/rachelhp\/<\/a><\/p>\n<\/div>\n\n\n\n<div class=\"wp-block-column is-vertically-aligned-top is-layout-flow wp-block-column-is-layout-flow\" style=\"flex-basis:40%\">\n<p>Soy una dise\u00f1adora puertorrique\u00f1a. Mi trabajo est\u00e1 altamente fundamentado en principios \u00e9ticos, inclusivos y accesibles. De igual manera, mis valores envuelven la liberaci\u00f3n de todas las personas en una metodolog\u00eda transnacional, informada por mis estudios acad\u00e9micos e investigativos a nivel independiente. El eje de mi trabajo en todas sus ramas es la empat\u00eda; el cual fue el tema de mi tesis de maestr\u00eda, \u201c<em>Un an\u00e1lisis de la empat\u00eda en m\u00e9todos y procesos creativos<\/em>\u201d.<\/p>\n\n\n\n<p>Tengo sobre dos d\u00e9cadas de experiencia como estratega de experiencias de usuario (UX) y dise\u00f1adora de productos, trabajando con instituciones financieras l\u00edderes, al igual que startups innovadoras. Actualmente, soy Senior UX Designer en el Banco Popular de Puerto Rico, instituci\u00f3n bancaria l\u00edder en el Pa\u00eds desde 1893.<\/p>\n\n\n\n<p>En 2022, fund\u00e9 <a href=\"https:\/\/www.umbral-liminal.co\/\" data-type=\"link\" data-id=\"https:\/\/www.umbral-liminal.co\/\">Umbral\/Liminal,<\/a> una agencia de consultor\u00eda global que ofrece estrategia de experiencia de usuario, <em>Design Thinking<\/em> y servicios de dise\u00f1o \u00e9tico.<\/p>\n\n\n\n<p>Me apasiona poder tender el puente entre \u00e9tica y est\u00e9tica, a la vez que brindo inclusi\u00f3n y equidad a las iniciativas de mis clientes.<\/p>\n\n\n\n<p>Soy tambi\u00e9n una facilitadora certificada dentro de la metodolog\u00eda de <em>LUMA Workspace<\/em>, al igual que soy una mentora para practicantes de dise\u00f1o junior. Adem\u00e1s, he tenido la oportunidad de educar futuros practicantes de dise\u00f1o a nivel universitario en la EIDA de la Universidad Ana G. M\u00e9ndez, en Gurabo.<\/p>\n\n\n\n<p>Tengo un blog llamado <em><a href=\"https:\/\/lacartuchera.com\/\" data-type=\"link\" data-id=\"https:\/\/lacartuchera.com\/\">La Cartuchera<\/a><\/em>, el cual estuvo activo de 2012-16, en el que reflexionaba sobre mi pr\u00e1ctica de dise\u00f1o a un nivel m\u00e1s macro, ya que durante ese periodo, hice cambio de carrera de dise\u00f1adora a project manager.<\/p>\n\n\n\n<p>En cuanto a trabajo voluntario, soy parte del grupo fijo en <a href=\"https:\/\/www.linkedin.com\/company\/diseno-etico-comunidad\/\">Dise\u00f1o \u00c9tico Comunidad<\/a>. Esta comunidad latinoamericana promueve educar en cuanto al valor del dise\u00f1o \u00e9tico en la industria de dise\u00f1o de experiencias y productos. Fui tambi\u00e9n la Directora Creativa para <em>DigitalA11ies<\/em>, una organizaci\u00f3n sin fines de lucro enfocada en la accesibilidad desde una perspectiva inclusiva e interseccional. Por otro lado, en 2021 cre\u00e9 un grupo llamado \u00ab<em>Women in Client Experience<\/em>\u00ab, el cual pretende tender el puente con propuestas interseccionales centradas en las personas.<\/p>\n<\/div>\n<\/div>\n\n\n\n<div style=\"height:4px\" aria-hidden=\"true\" class=\"wp-block-spacer\"><\/div>\n<\/div><\/div>\n\n\n\n<div class=\"wp-block-group alignwide\"><div class=\"wp-block-group__inner-container is-layout-flow wp-block-group-is-layout-flow\">\n<div class=\"wp-block-columns alignwide are-vertically-aligned-top is-layout-flex wp-container-core-columns-is-layout-ac3ebc3b wp-block-columns-is-layout-flex\">\n<div class=\"wp-block-column is-vertically-aligned-top is-content-justification-left is-layout-constrained wp-container-core-column-is-layout-02d07192 wp-block-column-is-layout-constrained\">\n<figure class=\"wp-block-image size-full\"><img loading=\"lazy\" decoding=\"async\" width=\"2560\" height=\"2560\" src=\"https:\/\/entorcha.org\/entorcha\/wp-content\/uploads\/2025\/08\/jaylinhorta-scaled.jpg\" alt=\"\" class=\"wp-image-71\" srcset=\"https:\/\/entorcha.org\/entorcha\/wp-content\/uploads\/2025\/08\/jaylinhorta-scaled.jpg 2560w, https:\/\/entorcha.org\/entorcha\/wp-content\/uploads\/2025\/08\/jaylinhorta-300x300.jpg 300w, https:\/\/entorcha.org\/entorcha\/wp-content\/uploads\/2025\/08\/jaylinhorta-1024x1024.jpg 1024w, https:\/\/entorcha.org\/entorcha\/wp-content\/uploads\/2025\/08\/jaylinhorta-150x150.jpg 150w, https:\/\/entorcha.org\/entorcha\/wp-content\/uploads\/2025\/08\/jaylinhorta-768x768.jpg 768w, https:\/\/entorcha.org\/entorcha\/wp-content\/uploads\/2025\/08\/jaylinhorta-1536x1536.jpg 1536w, https:\/\/entorcha.org\/entorcha\/wp-content\/uploads\/2025\/08\/jaylinhorta-2048x2048.jpg 2048w, https:\/\/entorcha.org\/entorcha\/wp-content\/uploads\/2025\/08\/jaylinhorta-40x40.jpg 40w, https:\/\/entorcha.org\/entorcha\/wp-content\/uploads\/2025\/08\/jaylinhorta-275x275.jpg 275w, https:\/\/entorcha.org\/entorcha\/wp-content\/uploads\/2025\/08\/jaylinhorta-205x205.jpg 205w, https:\/\/entorcha.org\/entorcha\/wp-content\/uploads\/2025\/08\/jaylinhorta-480x480.jpg 480w, https:\/\/entorcha.org\/entorcha\/wp-content\/uploads\/2025\/08\/jaylinhorta-1200x1200.jpg 1200w, https:\/\/entorcha.org\/entorcha\/wp-content\/uploads\/2025\/08\/jaylinhorta-1980x1980.jpg 1980w\" sizes=\"auto, (max-width: 2560px) 100vw, 2560px\" \/><\/figure>\n\n\n\n<h2 class=\"wp-block-heading\">Jaylin Horta Dominguez<\/h2>\n\n\n\n<p><strong>Web<\/strong>: <a href=\"http:\/\/www.jaylinhorta.com\" data-type=\"link\" data-id=\"www.jaylinhorta.com\">jaylinhorta.com<\/a><br><strong>LinkedIn<\/strong>: <a href=\"http:\/\/www.linkedin.com\/in\/jaylinhorta\" data-type=\"link\" data-id=\"www.linkedin.com\/in\/jaylinhorta\">linkedin.com\/in\/jaylinhorta<\/a><\/p>\n<\/div>\n\n\n\n<div class=\"wp-block-column is-vertically-aligned-top is-layout-flow wp-block-column-is-layout-flow\" style=\"flex-basis:40%\">\n<p>Soy dise\u00f1adora digital especializada en UX\/UI, con una trayectoria que combina dise\u00f1o estrat\u00e9gico, branding y tecnolog\u00eda. A lo largo de mi carrera he trabajado con marcas en sectores como salud, hospitalidad, tecnolog\u00eda y gobierno, liderando procesos de dise\u00f1o centrados en el usuario desde la conceptualizaci\u00f3n hasta la implementaci\u00f3n.<\/p>\n\n\n\n<p>Actualmente, me desempe\u00f1o como Country Manager del <a href=\"https:\/\/www.interaction-design.org\/my-private-profile\/distinctions\">Interaction Design Foundation en Rep\u00fablica Dominicana<\/a>, donde lidero una comunidad activa de dise\u00f1adores UX, UI, UX researchers y profesionales de campos relacionados. Desde esta posici\u00f3n, impulso el crecimiento del ecosistema de dise\u00f1o de interacci\u00f3n, promoviendo la educaci\u00f3n continua y la conexi\u00f3n entre profesionales del sector.<\/p>\n\n\n\n<p>Trabajo como UX\/UI Advisor para <a href=\"https:\/\/www.duartepino.com\/about\">DuartePino<\/a>, <a href=\"https:\/\/www.tentico.xyz\/about\">T\u00e9ntico<\/a> y <a href=\"https:\/\/www.haipriori.com\/about-us\">Haipriori<\/a>, asesorando marcas y equipos en la creaci\u00f3n de productos digitales funcionales, consistentes y centrados en el usuario. Colaboro estrechamente con l\u00edderes de negocio y equipos t\u00e9cnicos para alinear la experiencia del usuario con los objetivos estrat\u00e9gicos de cada proyecto.<\/p>\n\n\n\n<p>Adem\u00e1s, cuento con certificaci\u00f3n en metodolog\u00edas de dise\u00f1o centrado en el ser humano del <a href=\"https:\/\/www.luma-institute.com\/about-luma\/luma-system\/\">LUMA Institute<\/a>, lo cual refuerza mi enfoque pr\u00e1ctico y colaborativo en cada proceso. Tambi\u00e9n ofrezco varios cursos de dise\u00f1o en la Universidad del Sagrado Coraz\u00f3n, donde formo a la pr\u00f3xima generaci\u00f3n de dise\u00f1adores con un enfoque interdisciplinario y orientado al impacto.<\/p>\n\n\n\n<p>Mi camino en el dise\u00f1o de interfaces comenz\u00f3 en BUREA, donde lider\u00e9 el dise\u00f1o de su aplicaci\u00f3n m\u00f3vil y plataforma web. Fue all\u00ed donde descubr\u00ed el impacto real que puede tener un dise\u00f1o bien pensado en la vida de las personas. Desde entonces, mantengo un compromiso constante con la creaci\u00f3n de experiencias que no solo funcionen bien, sino que generen conexiones aut\u00e9nticas entre las personas y la tecnolog\u00eda.<\/p>\n<\/div>\n<\/div>\n\n\n\n<div class=\"wp-block-columns alignwide are-vertically-aligned-top is-layout-flex wp-container-core-columns-is-layout-ac3ebc3b wp-block-columns-is-layout-flex\">\n<div class=\"wp-block-column is-vertically-aligned-top is-content-justification-left is-layout-constrained wp-container-core-column-is-layout-02d07192 wp-block-column-is-layout-constrained\">\n<figure class=\"wp-block-image size-large\"><img loading=\"lazy\" decoding=\"async\" width=\"1024\" height=\"1024\" src=\"https:\/\/entorcha.org\/entorcha\/wp-content\/uploads\/2025\/10\/Ana-edited-1024x1024.webp\" alt=\"\" class=\"wp-image-1825\" srcset=\"https:\/\/entorcha.org\/entorcha\/wp-content\/uploads\/2025\/10\/Ana-edited-1024x1024.webp 1024w, https:\/\/entorcha.org\/entorcha\/wp-content\/uploads\/2025\/10\/Ana-edited-300x300.webp 300w, https:\/\/entorcha.org\/entorcha\/wp-content\/uploads\/2025\/10\/Ana-edited-150x150.webp 150w, https:\/\/entorcha.org\/entorcha\/wp-content\/uploads\/2025\/10\/Ana-edited-768x768.webp 768w, https:\/\/entorcha.org\/entorcha\/wp-content\/uploads\/2025\/10\/Ana-edited-1536x1536.webp 1536w, https:\/\/entorcha.org\/entorcha\/wp-content\/uploads\/2025\/10\/Ana-edited-2048x2048.webp 2048w, https:\/\/entorcha.org\/entorcha\/wp-content\/uploads\/2025\/10\/Ana-edited-40x40.webp 40w, https:\/\/entorcha.org\/entorcha\/wp-content\/uploads\/2025\/10\/Ana-edited-275x275.webp 275w, https:\/\/entorcha.org\/entorcha\/wp-content\/uploads\/2025\/10\/Ana-edited-205x205.webp 205w, https:\/\/entorcha.org\/entorcha\/wp-content\/uploads\/2025\/10\/Ana-edited-480x480.webp 480w, https:\/\/entorcha.org\/entorcha\/wp-content\/uploads\/2025\/10\/Ana-edited-1200x1200.webp 1200w, https:\/\/entorcha.org\/entorcha\/wp-content\/uploads\/2025\/10\/Ana-edited-1980x1980.webp 1980w\" sizes=\"auto, (max-width: 1024px) 100vw, 1024px\" \/><\/figure>\n\n\n\n<h2 class=\"wp-block-heading\">Ana S. Arroyo<\/h2>\n\n\n\n<p><strong>Web<\/strong>: <a href=\"https:\/\/anitapola.com\/\">anitapola.com<\/a><br><strong>LinkedIn<\/strong>: <a href=\"https:\/\/www.linkedin.com\/in\/ana-arroyo-vega-924ab422a\/\">linkedin.com\/in\/ana-arroyo-vega-924ab422a\/<\/a><\/p>\n<\/div>\n\n\n\n<div class=\"wp-block-column is-vertically-aligned-top is-layout-flow wp-block-column-is-layout-flow\" style=\"flex-basis:40%\">\n<p>Soy estudiante graduada de la maestr\u00eda en <a href=\"https:\/\/humanidades.uprrp.edu\/magac\/\" data-type=\"link\" data-id=\"https:\/\/humanidades.uprrp.edu\/magac\/\">Administraci\u00f3n y Gesti\u00f3n Cultural<\/a>. Obtuve mi bachillerato en Literatura Comparada de la Facultad de Humanidades y una concentraci\u00f3n menor del Programa de Estudios de Mujer y G\u00e9nero de la Facultad de Estudios Generales. He colaborado en varios proyectos como en la creaci\u00f3n del <em><a href=\"https:\/\/archivojuanmaribras.omeka.net\" data-type=\"link\" data-id=\"https:\/\/archivojuanmaribras.omeka.net\">Archivo Digital Juan Mari Br\u00e1s<\/a> <\/em>en el a\u00f1o acad\u00e9mico 2022-23 como parte del <em>Programa Scholars in Residence in the Digital Humanities <\/em>y junto a la artista Ivana Cotto, cree la obra titulada <em>\u201cLibro Abierto\u201d<\/em>, la cual se exhibi\u00f3 en el <a href=\"https:\/\/www.mapr.org\" data-type=\"link\" data-id=\"https:\/\/www.mapr.org\">Museo de Arte de Puerto Rico<\/a>. Mi primer poemario <em>\u201c<a href=\"https:\/\/libreriayeditorialpulpo.com\/products\/mientras-mi-perra-duerme-anita-rojas\">Mientras mi perra duerme<\/a>\u201d<\/em> fue publicado bajo el sello de la Editorial Pulpo en marzo 2024. Tambi\u00e9n, he publicado textos en revistas digitales, en una antolog\u00eda de poes\u00eda y su fotograf\u00eda forma parte de <em>\u201cQue Tiemble\u201d<\/em> por Ana Portnoy Brimmer. Actualmente, soy asistente de investigaci\u00f3n en <a href=\"https:\/\/uprcaribedigital.org\" data-type=\"link\" data-id=\"https:\/\/uprcaribedigital.org\">UPR Caribe Digital<\/a> y en el <em>Digital Humanities Hub<\/em>. Adem\u00e1s, me encantan los perros y las flores.<\/p>\n<\/div>\n<\/div>\n\n\n\n<div style=\"height:4px\" aria-hidden=\"true\" class=\"wp-block-spacer\"><\/div>\n<\/div><\/div>\n\n\n\n<blockquote class=\"wp-block-quote is-layout-flow wp-block-quote-is-layout-flow\">\n<h4 class=\"wp-block-heading\">Tenemos otras personas voluntarias que nos han brindado su tiempo y conocimiento: <strong>Juan Ocasio<\/strong>, desarrollador, instrumental en montar la plataforma del archivo y el artista gr\u00e1fico emergente <strong>Juan Pablo Santiago<\/strong>. A todes, <strong>ENTORCHA les est\u00e1 profundamente agradecida<\/strong>.<\/h4>\n<\/blockquote>\n","protected":false},"excerpt":{"rendered":"<p>Dra. Mar\u00eda de Mater O\u2019Neill IG: @materoneillEmail: mmo@rubberbandpr.com LinkedIn: linkedin.com\u00a0\u203a\u00a0in\u00a0\u203a\u00a0dr-mar%C3%ADa-de-mater-o-neill-795a622b Soy puertorrique\u00f1a y doctora en pr\u00e1ctica del dise\u00f1o. Tuve pr\u00e1ctica como pintora por casi tres d\u00e9cadas. En el campo del dise\u00f1o, me he enfocado en el tema de la resiliencia. Ese fue el tema de mi investigaci\u00f3n doctoral en Inglaterra:&nbsp;\u201cM\u00e9todos de resiliencia para dise\u00f1adores bajo [&hellip;]<\/p>\n","protected":false},"author":1,"featured_media":0,"parent":0,"menu_order":0,"comment_status":"closed","ping_status":"closed","template":"","meta":{"footnotes":""},"class_list":["post-63","page","type-page","status-publish","hentry"],"_links":{"self":[{"href":"https:\/\/entorcha.org\/entorcha\/index.php\/wp-json\/wp\/v2\/pages\/63","targetHints":{"allow":["GET"]}}],"collection":[{"href":"https:\/\/entorcha.org\/entorcha\/index.php\/wp-json\/wp\/v2\/pages"}],"about":[{"href":"https:\/\/entorcha.org\/entorcha\/index.php\/wp-json\/wp\/v2\/types\/page"}],"author":[{"embeddable":true,"href":"https:\/\/entorcha.org\/entorcha\/index.php\/wp-json\/wp\/v2\/users\/1"}],"replies":[{"embeddable":true,"href":"https:\/\/entorcha.org\/entorcha\/index.php\/wp-json\/wp\/v2\/comments?post=63"}],"version-history":[{"count":19,"href":"https:\/\/entorcha.org\/entorcha\/index.php\/wp-json\/wp\/v2\/pages\/63\/revisions"}],"predecessor-version":[{"id":11237,"href":"https:\/\/entorcha.org\/entorcha\/index.php\/wp-json\/wp\/v2\/pages\/63\/revisions\/11237"}],"wp:attachment":[{"href":"https:\/\/entorcha.org\/entorcha\/index.php\/wp-json\/wp\/v2\/media?parent=63"}],"curies":[{"name":"wp","href":"https:\/\/api.w.org\/{rel}","templated":true}]}}