{"id":103,"date":"2025-08-30T14:57:22","date_gmt":"2025-08-30T14:57:22","guid":{"rendered":"https:\/\/entorcha.org\/entorcha\/?page_id=103"},"modified":"2025-08-30T15:11:18","modified_gmt":"2025-08-30T15:11:18","slug":"referencias","status":"publish","type":"page","link":"https:\/\/entorcha.org\/entorcha\/index.php\/referencias\/","title":{"rendered":"Referencias"},"content":{"rendered":"\n<h4 class=\"wp-block-heading\"><strong>\ud83d\udd39 Autores fundacionales del pensamiento decolonial<\/strong><\/h4>\n\n\n\n<ol class=\"wp-block-list\">\n<li>Quijano, A. (2000). <a href=\"https:\/\/biblioteca.clacso.edu.ar\/clacso\/se\/20140507042402\/eje3-8.pdf\" data-type=\"link\" data-id=\"https:\/\/biblioteca.clacso.edu.ar\/clacso\/se\/20140507042402\/eje3-8.pdf\"><em>Colonialidad del poder, eurocentrismo y Am\u00e9rica Latina<\/em>.<\/a> Revista Internacional de Ciencias Sociales, 49(153), 93\u2013117.<br>\u2192 Texto seminal donde introduce el concepto de \u00abcolonialidad del poder\u00bb.<\/li>\n\n\n\n<li>Mignolo, W. D. (2007). <em><a href=\"https:\/\/www.tandfonline.com\/doi\/abs\/10.1080\/09502380601162647\" data-type=\"link\" data-id=\"https:\/\/www.tandfonline.com\/doi\/abs\/10.1080\/09502380601162647\">Delinking: The rhetoric of modernity, the logic of coloniality and the grammar of de-coloniality<\/a><\/em>. Cultural Studies, 21(2\u20133), 449\u2013514.<br>\u2192 Propone \u201cdesengancharse\u201d de los marcos de pensamiento modernos\/coloniales.<\/li>\n\n\n\n<li>Walsh, C. (2009). <a href=\"https:\/\/ense\u00f1arlapatagonia.com.ar\/sitio\/2022\/07\/19\/interculturalidad-descolonizacion-del-estado-y-del-conocimiento-c-walsh-w-mignolo-a-garcia-linera-completo-para-descargar-en-pdf\/\" data-type=\"link\" data-id=\"https:\/\/ense\u00f1arlapatagonia.com.ar\/sitio\/2022\/07\/19\/interculturalidad-descolonizacion-del-estado-y-del-conocimiento-c-walsh-w-mignolo-a-garcia-linera-completo-para-descargar-en-pdf\/\"><em>Interculturalidad, descolonizaci\u00f3n del Estado y del conocimiento<\/em>.<\/a> Quito: Universidad Andina Sim\u00f3n Bol\u00edvar.<br>\u2192 Texto clave que conecta pr\u00e1cticas pedag\u00f3gicas y pol\u00edticas decoloniales en Am\u00e9rica Latina.<\/li>\n\n\n\n<li>Escobar, A. (2018). <em>Designs for the pluriverse: Radical interdependence, autonomy, and the making of worlds<\/em>. Durham, NC: Duke University Press. <a>https:\/\/doi.org\/10.1215\/9780822371816<\/a>                                            \u2192 Plantea el dise\u00f1o como herramienta para crear mundos plurales, aut\u00f3nomos e interdependientes, en resistencia a las l\u00f3gicas coloniales y capitalistas.<\/li>\n\n\n\n<li>Tuhiwai Smith, L. (2021). <em>Decolonizing methodologies: Research and indigenous peoples<\/em> (3rd ed.). London: Zed Books.                                                   \u2192 Expone c\u00f3mo la investigaci\u00f3n puede ser un acto colonial y propone metodolog\u00edas decoloniales que parten de los saberes y luchas de los pueblos ind\u00edgenas.<\/li>\n<\/ol>\n\n\n\n<hr class=\"wp-block-separator has-alpha-channel-opacity\"\/>\n\n\n\n<h4 class=\"wp-block-heading\"><strong>\ud83d\udd39 Desde el Caribe y Abya Yala<\/strong><\/h4>\n\n\n\n<ol start=\"4\" class=\"wp-block-list\">\n<li>Rivera Cusicanqui, S. (2010). <em><a href=\"https:\/\/chixinakax.wordpress.com\/wp-content\/uploads\/2010\/07\/silvia-rivera-cusicanqui.pdf\" data-type=\"link\" data-id=\"https:\/\/chixinakax.wordpress.com\/wp-content\/uploads\/2010\/07\/silvia-rivera-cusicanqui.pdf\">Ch\u2019ixinakax utxiwa: Una reflexi\u00f3n sobre pr\u00e1cticas y discursos descolonizadores<\/a><\/em>. Buenos Aires: Tinta Lim\u00f3n.<br>\u2192 Cr\u00edtica al uso superficial del pensamiento decolonial. Una voz clave desde Bolivia.<\/li>\n\n\n\n<li>Wynter, S. (2003). <a href=\"http:\/\/chrome-extension:\/\/ehttps:\/\/law.unimelb.edu.au\/__data\/assets\/pdf_file\/0010\/2432989\/Wynter-2003-Unsettling-the-Coloniality-of-Being.pdf\" data-type=\"link\" data-id=\"http:\/\/chrome-extension:\/\/ehttps:\/\/law.unimelb.edu.au\/__data\/assets\/pdf_file\/0010\/2432989\/Wynter-2003-Unsettling-the-Coloniality-of-Being.pdf\"><em>Unsettling the coloniality of being\/power\/truth\/freedom: Towards the human, after man, its overrepresentation\u2014An argument<\/em>.<\/a> The New Centennial Review, 3(3), 257\u2013337.<br>\u2192 Desde el Caribe, propone desmontar la idea eurocentrada del \u201chumano universal\u201d.<\/li>\n\n\n\n<li>Maldonado-Torres, N. (2007). <a href=\"https:\/\/www.semanticscholar.org\/paper\/ON-THE-COLONIALITY-OF-BEING-Contributions-to-the-of-Maldonado-Torres\/fccac99818eaf9aca431d8695e098e5c79f73e52\"><em>On the coloniality of being: Contributions to the development of a concept<\/em>.<\/a> Cultural Studies, 21(2\u20133), 240\u2013270.<br>\u2192 Intelectual puertorrique\u00f1o que extiende la propuesta de Quijano hacia el ser y la \u00e9tica.<\/li>\n<\/ol>\n\n\n\n<hr class=\"wp-block-separator has-alpha-channel-opacity\"\/>\n\n\n\n<h4 class=\"wp-block-heading\"><strong>\ud83d\udd39 Lecturas m\u00e1s accesibles para procesos comunitarios o educativos<\/strong><\/h4>\n\n\n\n<ol start=\"7\" class=\"wp-block-list\">\n<li><a href=\"http:\/\/chrome-extensionhttps:\/\/agoradeeducacion.com\/doc\/wp-content\/uploads\/2017\/09\/Walsh-2013-Pedagog%C3%ADas-Decoloniales.-Pr%C3%A1cticas.pdf\" data-type=\"link\" data-id=\"http:\/\/chrome-extensionhttps:\/\/agoradeeducacion.com\/doc\/wp-content\/uploads\/2017\/09\/Walsh-2013-Pedagog%C3%ADas-Decoloniales.-Pr%C3%A1cticas.pdf\">Walsh, C. (2017). <em>Pedagog\u00edas decoloniales: Pr\u00e1cticas insurgentes de resistir, (re)existir y (re)vivir<\/em>.<\/a> Quito: Universidad Andina Sim\u00f3n Bol\u00edvar.<br>\u2192 Ensayos y experiencias pedag\u00f3gicas concretas con comunidades en Am\u00e9rica Latina.<\/li>\n\n\n\n<li><a href=\"https:\/\/onlinelibrary.wiley.com\/doi\/abs\/10.1111\/j.1527-2001.2010.01137.x\">Lugones, M. (2010). <em>Toward a decolonial feminism<\/em><\/a>. Hypatia, 25(4), 742\u2013759.<br>\u2192 Propone un feminismo decolonial que desaf\u00eda tanto al feminismo blanco como al patriarcado colonial.<\/li>\n\n\n\n<li>O&#8217;Neill, M.D.M., Rivera Crespo, O. (2018) <em><a href=\"https:\/\/quod.lib.umich.edu\/d\/dialectic\/14932326.0002.107?view=text;rgn=main\">Puerto Rico\u2019s Landscape on Community and Participatory Design<\/a>,<\/em> Dialectic, AIGA journal, Volume 2, Issue 1, Summer 2018, Michigan Publishing [ DOI: http:\/\/dx.doi.org\/10.3998\/dialectic.14932326.0002.107 ].                   \u2192 Sobre la historia del dise\u00f1o participativo en Puerto Rico.<\/li>\n\n\n\n<li>O&#8217;Neill, M.D.M. (2017). <em><a href=\"http:\/\/chrome-ehttps:\/\/prcr.cobimet.org\/server\/api\/core\/bitstreams\/299858bb-d08e-4f80-9714-f4b39f97bc54\/content\">Pesquisa sobre la gesti\u00f3n empresarial de Maruja Fuentes Vigui\u00e9<\/a><\/em>. In: Polimorfo, N\u00fam. 4, ArqPoli School of Architecture, Polytechnic University of Puerto Rico., pp.58-65.                                \u2192 Analisis de la gestion empresarial de la dise\u00f1adora industrial.<\/li>\n\n\n\n<li>Ledesma, M. (2005). <em>La traves\u00eda de la forma: emergencia y consolidaci\u00f3n del dise\u00f1o gr\u00e1fico en la Argentina (1948-1984)<\/em>. Buenos Aires: Paid\u00f3s.              \u2192 En ese texto, Ledesma analiza c\u00f3mo el dise\u00f1o gr\u00e1fico argentino no es solo una pr\u00e1ctica est\u00e9tica o t\u00e9cnica, sino un fen\u00f3meno cultural que ayuda a formar identidad y proyectar las relaciones sociales cotidianas.<\/li>\n<\/ol>\n\n\n\n<p><\/p>\n","protected":false},"excerpt":{"rendered":"<p>\ud83d\udd39 Autores fundacionales del pensamiento decolonial \ud83d\udd39 Desde el Caribe y Abya Yala \ud83d\udd39 Lecturas m\u00e1s accesibles para procesos comunitarios o educativos<\/p>\n","protected":false},"author":1,"featured_media":0,"parent":0,"menu_order":0,"comment_status":"closed","ping_status":"closed","template":"","meta":{"footnotes":""},"class_list":["post-103","page","type-page","status-publish","hentry"],"_links":{"self":[{"href":"https:\/\/entorcha.org\/entorcha\/index.php\/wp-json\/wp\/v2\/pages\/103","targetHints":{"allow":["GET"]}}],"collection":[{"href":"https:\/\/entorcha.org\/entorcha\/index.php\/wp-json\/wp\/v2\/pages"}],"about":[{"href":"https:\/\/entorcha.org\/entorcha\/index.php\/wp-json\/wp\/v2\/types\/page"}],"author":[{"embeddable":true,"href":"https:\/\/entorcha.org\/entorcha\/index.php\/wp-json\/wp\/v2\/users\/1"}],"replies":[{"embeddable":true,"href":"https:\/\/entorcha.org\/entorcha\/index.php\/wp-json\/wp\/v2\/comments?post=103"}],"version-history":[{"count":3,"href":"https:\/\/entorcha.org\/entorcha\/index.php\/wp-json\/wp\/v2\/pages\/103\/revisions"}],"predecessor-version":[{"id":108,"href":"https:\/\/entorcha.org\/entorcha\/index.php\/wp-json\/wp\/v2\/pages\/103\/revisions\/108"}],"wp:attachment":[{"href":"https:\/\/entorcha.org\/entorcha\/index.php\/wp-json\/wp\/v2\/media?parent=103"}],"curies":[{"name":"wp","href":"https:\/\/api.w.org\/{rel}","templated":true}]}}